{"id":1441,"date":"2020-02-17T11:01:23","date_gmt":"2020-02-17T10:01:23","guid":{"rendered":"https:\/\/bauer-multiservices.fr\/?page_id=1441"},"modified":"2024-01-24T15:03:08","modified_gmt":"2024-01-24T14:03:08","slug":"carrelage","status":"publish","type":"page","link":"https:\/\/bauer-multiservices.fr\/carrelage\/","title":{"rendered":"Carrelage"},"content":{"rendered":"\t\t<div data-elementor-type=\"wp-page\" data-elementor-id=\"1441\" class=\"elementor elementor-1441\" data-elementor-settings=\"[]\">\n\t\t\t\t\t\t<div class=\"elementor-inner\">\n\t\t\t\t\t\t\t<div class=\"elementor-section-wrap\">\n\t\t\t\t\t\t\t<section class=\"elementor-section elementor-top-section elementor-element elementor-element-160e0a00 elementor-section-stretched elementor-section-full_width elementor-section-height-default elementor-section-height-default\" data-id=\"160e0a00\" data-element_type=\"section\" id=\"slider\" data-settings=\"{&quot;stretch_section&quot;:&quot;section-stretched&quot;}\">\n\t\t\t\t\t\t<div class=\"elementor-container elementor-column-gap-no\">\n\t\t\t\t\t\t\t<div class=\"elementor-row\">\n\t\t\t\t\t<div class=\"elementor-column elementor-col-100 elementor-top-column elementor-element elementor-element-6cfffe15\" data-id=\"6cfffe15\" data-element_type=\"column\">\n\t\t\t<div class=\"elementor-column-wrap elementor-element-populated\">\n\t\t\t\t\t\t\t<div class=\"elementor-widget-wrap\">\n\t\t\t\t\t\t<div class=\"elementor-element elementor-element-1dd7194a elementor--h-position-center elementor--v-position-middle elementor-widget elementor-widget-slides\" data-id=\"1dd7194a\" data-element_type=\"widget\" data-settings=\"{&quot;navigation&quot;:&quot;none&quot;,&quot;autoplay&quot;:&quot;yes&quot;,&quot;pause_on_hover&quot;:&quot;yes&quot;,&quot;pause_on_interaction&quot;:&quot;yes&quot;,&quot;autoplay_speed&quot;:5000,&quot;infinite&quot;:&quot;yes&quot;,&quot;transition&quot;:&quot;slide&quot;,&quot;transition_speed&quot;:500}\" data-widget_type=\"slides.default\">\n\t\t\t\t<div class=\"elementor-widget-container\">\n\t\t\t\t\t<div class=\"elementor-swiper\">\n\t\t\t<div class=\"elementor-slides-wrapper elementor-main-swiper swiper-container\" dir=\"ltr\" data-animation=\"zoomIn\">\n\t\t\t\t<div class=\"swiper-wrapper elementor-slides\">\n\t\t\t\t\t\t\t\t\t\t<div class=\"elementor-repeater-item-f84cde7 swiper-slide\"><div class=\"swiper-slide-bg\"><\/div><div class=\"elementor-background-overlay\"><\/div><div class=\"swiper-slide-inner\" ><div class=\"swiper-slide-contents\"><div class=\"elementor-slide-heading\">Pose de carrelage \u00e0 Saint-Girons<\/div><\/div><\/div><\/div>\t\t\t\t<\/div>\n\t\t\t\t\t\t\t<\/div>\n\t\t<\/div>\n\t\t\t\t<\/div>\n\t\t\t\t<\/div>\n\t\t\t\t\t\t<\/div>\n\t\t\t\t\t<\/div>\n\t\t<\/div>\n\t\t\t\t\t\t\t\t<\/div>\n\t\t\t\t\t<\/div>\n\t\t<\/section>\n\t\t\t\t<section class=\"elementor-section elementor-top-section elementor-element elementor-element-526796a6 elementor-section-stretched elementor-section-content-middle elementor-section-boxed elementor-section-height-default elementor-section-height-default\" data-id=\"526796a6\" data-element_type=\"section\" id=\"ctn\" data-settings=\"{&quot;stretch_section&quot;:&quot;section-stretched&quot;}\">\n\t\t\t\t\t\t<div class=\"elementor-container elementor-column-gap-default\">\n\t\t\t\t\t\t\t<div class=\"elementor-row\">\n\t\t\t\t\t<div class=\"elementor-column elementor-col-100 elementor-top-column elementor-element elementor-element-53ebb9ad\" data-id=\"53ebb9ad\" data-element_type=\"column\">\n\t\t\t<div class=\"elementor-column-wrap elementor-element-populated\">\n\t\t\t\t\t\t\t<div class=\"elementor-widget-wrap\">\n\t\t\t\t\t\t<div class=\"elementor-element elementor-element-3991064 elementor-widget elementor-widget-heading\" data-id=\"3991064\" data-element_type=\"widget\" id=\"h1\" data-widget_type=\"heading.default\">\n\t\t\t\t<div class=\"elementor-widget-container\">\n\t\t\t<h1 class=\"elementor-heading-title elementor-size-default\">Confiez vos travaux de pose de carrelage sol et mur \u00e0 un professionnel \u00e0 Saint-Girons<\/h1>\t\t<\/div>\n\t\t\t\t<\/div>\n\t\t\t\t<div class=\"elementor-element elementor-element-b7fcc2e elementor-widget-divider--view-line elementor-widget elementor-widget-divider\" data-id=\"b7fcc2e\" data-element_type=\"widget\" data-widget_type=\"divider.default\">\n\t\t\t\t<div class=\"elementor-widget-container\">\n\t\t\t\t\t<div class=\"elementor-divider\">\n\t\t\t<span class=\"elementor-divider-separator\">\n\t\t\t\t\t\t<\/span>\n\t\t<\/div>\n\t\t\t\t<\/div>\n\t\t\t\t<\/div>\n\t\t\t\t<section class=\"elementor-section elementor-inner-section elementor-element elementor-element-2566fdbf elementor-section-boxed elementor-section-height-default elementor-section-height-default\" data-id=\"2566fdbf\" data-element_type=\"section\">\n\t\t\t\t\t\t<div class=\"elementor-container elementor-column-gap-default\">\n\t\t\t\t\t\t\t<div class=\"elementor-row\">\n\t\t\t\t\t<div class=\"elementor-column elementor-col-100 elementor-inner-column elementor-element elementor-element-663e8c99\" data-id=\"663e8c99\" data-element_type=\"column\">\n\t\t\t<div class=\"elementor-column-wrap elementor-element-populated\">\n\t\t\t\t\t\t\t<div class=\"elementor-widget-wrap\">\n\t\t\t\t\t\t<div class=\"elementor-element elementor-element-7e3bce44 elementor-widget elementor-widget-text-editor\" data-id=\"7e3bce44\" data-element_type=\"widget\" id=\"p1\" data-widget_type=\"text-editor.default\">\n\t\t\t\t<div class=\"elementor-widget-container\">\n\t\t\t\t\t\t\t\t<div class=\"elementor-text-editor elementor-clearfix\">\n\t\t\t\t<p><span style=\"color: #999999;\"><strong><a href=\"https:\/\/bauer-multiservices.fr\/\" style=\"color: #999999;\">Sp\u00e9cialiste du rev\u00eatement de murs et de sols<\/a><\/strong><\/span> \u00e0 Saint-Girons dans le d\u00e9partement de l&#8217;Ari\u00e8ge, l\u2019entreprise Bauer Multiservice est \u00e0 votre disposition pour la r\u00e9alisation de vos travaux de pose de carrelage sol et mur afin de rajouter une touche originale dans votre habitation ou b\u00e2timent professionnel, aussi bien \u00e0 l\u2019int\u00e9rieur qu\u2019\u00e0 l\u2019ext\u00e9rieur.<\/p>\t\t\t\t\t<\/div>\n\t\t\t\t\t\t<\/div>\n\t\t\t\t<\/div>\n\t\t\t\t\t\t<\/div>\n\t\t\t\t\t<\/div>\n\t\t<\/div>\n\t\t\t\t\t\t\t\t<\/div>\n\t\t\t\t\t<\/div>\n\t\t<\/section>\n\t\t\t\t\t\t<\/div>\n\t\t\t\t\t<\/div>\n\t\t<\/div>\n\t\t\t\t\t\t\t\t<\/div>\n\t\t\t\t\t<\/div>\n\t\t<\/section>\n\t\t\t\t<section class=\"elementor-section elementor-top-section elementor-element elementor-element-2132904e elementor-section-stretched elementor-section-content-middle elementor-section-boxed elementor-section-height-default elementor-section-height-default\" data-id=\"2132904e\" data-element_type=\"section\" id=\"c1\" data-settings=\"{&quot;stretch_section&quot;:&quot;section-stretched&quot;,&quot;background_background&quot;:&quot;classic&quot;}\">\n\t\t\t\t\t\t<div class=\"elementor-container elementor-column-gap-default\">\n\t\t\t\t\t\t\t<div class=\"elementor-row\">\n\t\t\t\t\t<div class=\"elementor-column elementor-col-50 elementor-top-column elementor-element elementor-element-6da4feeb\" data-id=\"6da4feeb\" data-element_type=\"column\">\n\t\t\t<div class=\"elementor-column-wrap elementor-element-populated\">\n\t\t\t\t\t\t\t<div class=\"elementor-widget-wrap\">\n\t\t\t\t\t\t<div class=\"elementor-element elementor-element-1634b9bd elementor-widget elementor-widget-image\" data-id=\"1634b9bd\" data-element_type=\"widget\" data-widget_type=\"image.default\">\n\t\t\t\t<div class=\"elementor-widget-container\">\n\t\t\t\t\t\t\t\t<div class=\"elementor-image\">\n\t\t\t\t\t\t\t\t\t\t\t\t<img width=\"700\" height=\"500\" src=\"https:\/\/bauer-multiservices.fr\/wp-content\/uploads\/2020\/02\/int66.jpg\" class=\"attachment-large size-large\" alt=\"Bauer Multiservice - entreprise multiservice \u00e0 Saint-Girons\" srcset=\"https:\/\/bauer-multiservices.fr\/wp-content\/uploads\/2020\/02\/int66.jpg 700w, https:\/\/bauer-multiservices.fr\/wp-content\/uploads\/2020\/02\/int66-300x214.jpg 300w\" sizes=\"(max-width: 700px) 100vw, 700px\" \/>\t\t\t\t\t\t\t\t\t\t\t\t\t\t<\/div>\n\t\t\t\t\t\t<\/div>\n\t\t\t\t<\/div>\n\t\t\t\t\t\t<\/div>\n\t\t\t\t\t<\/div>\n\t\t<\/div>\n\t\t\t\t<div class=\"elementor-column elementor-col-50 elementor-top-column elementor-element elementor-element-32078450\" data-id=\"32078450\" data-element_type=\"column\">\n\t\t\t<div class=\"elementor-column-wrap elementor-element-populated\">\n\t\t\t\t\t\t\t<div class=\"elementor-widget-wrap\">\n\t\t\t\t\t\t<div class=\"elementor-element elementor-element-31ea0f88 elementor-widget elementor-widget-heading\" data-id=\"31ea0f88\" data-element_type=\"widget\" id=\"h2\" data-widget_type=\"heading.default\">\n\t\t\t\t<div class=\"elementor-widget-container\">\n\t\t\t<h2 class=\"elementor-heading-title elementor-size-default\">Ajoutez une touche originale \u00e0 vos b\u00e2timents avec la pose de carrelage sol et mural int\u00e9rieur et ext\u00e9rieur<\/h2>\t\t<\/div>\n\t\t\t\t<\/div>\n\t\t\t\t<div class=\"elementor-element elementor-element-3ea8a0f elementor-widget elementor-widget-text-editor\" data-id=\"3ea8a0f\" data-element_type=\"widget\" id=\"p1\" data-widget_type=\"text-editor.default\">\n\t\t\t\t<div class=\"elementor-widget-container\">\n\t\t\t\t\t\t\t\t<div class=\"elementor-text-editor elementor-clearfix\">\n\t\t\t\t<p>Votre carreleur met ses services \u00e0 votre disposition que vous soyez \u00e0 Saint-Girons, Foix, Saint-Gaudens ou Pamiers, et intervient sur tout type de pi\u00e8ce et d\u2019espace de vie, \u00e0 savoir chambre \u00e0 coucher, cuisine, salle de bain, douche \u00e0 l\u2019italienne, bureau, etc. <br \/>V\u00e9ritable artisan exp\u00e9riment\u00e9 dans le domaine des sols et des murs, il vous conseille sur le choix des mat\u00e9riaux les plus adapt\u00e9s \u00e0 votre environnement et agence le carrelage avec soin et savoir-faire en s\u2019adaptant \u00e0 votre style de vie, mais aussi \u00e0 vos exigences et pr\u00e9f\u00e9rences. <br \/>Habilit\u00e9 \u00e0 intervenir dans toutes les pi\u00e8ces et sur toutes surfaces, votre artisan carreleur met tout en \u0153uvre pour r\u00e9aliser les travaux de pose de votre fa\u00efence murale ou de votre carrelage dans votre cuisine, salle de bains ainsi que sur vos fa\u00e7ades, en vous garantissant des finitions parfaites.<\/p>\t\t\t\t\t<\/div>\n\t\t\t\t\t\t<\/div>\n\t\t\t\t<\/div>\n\t\t\t\t\t\t<\/div>\n\t\t\t\t\t<\/div>\n\t\t<\/div>\n\t\t\t\t\t\t\t\t<\/div>\n\t\t\t\t\t<\/div>\n\t\t<\/section>\n\t\t\t\t<section class=\"elementor-section elementor-top-section elementor-element elementor-element-2caff45e elementor-section-stretched elementor-section-content-middle elementor-section-boxed elementor-section-height-default elementor-section-height-default\" data-id=\"2caff45e\" data-element_type=\"section\" id=\"c2\" data-settings=\"{&quot;stretch_section&quot;:&quot;section-stretched&quot;,&quot;background_background&quot;:&quot;classic&quot;}\">\n\t\t\t\t\t\t<div class=\"elementor-container elementor-column-gap-default\">\n\t\t\t\t\t\t\t<div class=\"elementor-row\">\n\t\t\t\t\t<div class=\"elementor-column elementor-col-50 elementor-top-column elementor-element elementor-element-5893bd3b\" data-id=\"5893bd3b\" data-element_type=\"column\">\n\t\t\t<div class=\"elementor-column-wrap elementor-element-populated\">\n\t\t\t\t\t\t\t<div class=\"elementor-widget-wrap\">\n\t\t\t\t\t\t<div class=\"elementor-element elementor-element-54f57733 elementor-widget elementor-widget-heading\" data-id=\"54f57733\" data-element_type=\"widget\" id=\"h2\" data-widget_type=\"heading.default\">\n\t\t\t\t<div class=\"elementor-widget-container\">\n\t\t\t<h2 class=\"elementor-heading-title elementor-size-default\">Pr\u00e9paration de la surface et \u00e9tapes de la pose de carrelage<\/h2>\t\t<\/div>\n\t\t\t\t<\/div>\n\t\t\t\t<div class=\"elementor-element elementor-element-4689f57e elementor-widget elementor-widget-text-editor\" data-id=\"4689f57e\" data-element_type=\"widget\" id=\"p1\" data-widget_type=\"text-editor.default\">\n\t\t\t\t<div class=\"elementor-widget-container\">\n\t\t\t\t\t\t\t\t<div class=\"elementor-text-editor elementor-clearfix\">\n\t\t\t\t<p>Avant de proc\u00e9der \u00e0 la pose de carrelage, votre carreleur \u00e0 Saint-Girons r\u00e9alise les travaux de pr\u00e9paration du sol ou du mur et effectue le ragr\u00e9age, pour pr\u00e9parer la surface \u00e0 accueillir le nouveau carrelage. <br \/>Pour ce faire, il nettoie le mur ou le sol avant d\u2019appliquer les mortiers de jointoiement et d\u2019effectuer l\u2019encollage au moyen d\u2019outils et de mat\u00e9riaux sp\u00e9cifiques pour la pose de carrelage. Il veille ensuite au bon alignement des carreaux de carrelage en vue de pr\u00e9venir les infiltrations d\u2019eau. Une fois le calepinage r\u00e9alis\u00e9, il effectue la pr\u00e9paration du support ainsi que la pose de chape de ciment et des carreaux de carrelage. <br \/>Fort de son exp\u00e9rience et de son savoir-faire, votre carreleur est en mesure \u00e9galement de r\u00e9aliser le pon\u00e7age de votre carrelage dans le cadre des <span style=\"color: #999999;\"><strong><a href=\"https:\/\/bauer-multiservices.fr\/peinture\/#ctn\" style=\"color: #999999;\">travaux de r\u00e9novation<\/a><\/strong><\/span> ou d\u2019am\u00e9nagement int\u00e9rieur. <br \/>Bauer Multiservice est en mesure de r\u00e9pondre \u00e0 toutes vos demandes en mati\u00e8re de pose de diff\u00e9rents types de carrelages ext\u00e9rieurs comme int\u00e9rieurs, muraux ou de sol, que vous soyez \u00e0 Foix, Saint-Gaudens, Saint-Girons ou Pamiers.<\/p>\t\t\t\t\t<\/div>\n\t\t\t\t\t\t<\/div>\n\t\t\t\t<\/div>\n\t\t\t\t\t\t<\/div>\n\t\t\t\t\t<\/div>\n\t\t<\/div>\n\t\t\t\t<div class=\"elementor-column elementor-col-50 elementor-top-column elementor-element elementor-element-5fc46b42\" data-id=\"5fc46b42\" data-element_type=\"column\">\n\t\t\t<div class=\"elementor-column-wrap elementor-element-populated\">\n\t\t\t\t\t\t\t<div class=\"elementor-widget-wrap\">\n\t\t\t\t\t\t<div class=\"elementor-element elementor-element-68328628 elementor-widget elementor-widget-image\" data-id=\"68328628\" data-element_type=\"widget\" data-widget_type=\"image.default\">\n\t\t\t\t<div class=\"elementor-widget-container\">\n\t\t\t\t\t\t\t\t<div class=\"elementor-image\">\n\t\t\t\t\t\t\t\t\t\t\t\t<img width=\"700\" height=\"500\" src=\"https:\/\/bauer-multiservices.fr\/wp-content\/uploads\/2020\/02\/int77.jpg\" class=\"attachment-large size-large\" alt=\"Bauer Multiservice - entreprise multiservice \u00e0 Saint-Girons\" srcset=\"https:\/\/bauer-multiservices.fr\/wp-content\/uploads\/2020\/02\/int77.jpg 700w, https:\/\/bauer-multiservices.fr\/wp-content\/uploads\/2020\/02\/int77-300x214.jpg 300w\" sizes=\"(max-width: 700px) 100vw, 700px\" \/>\t\t\t\t\t\t\t\t\t\t\t\t\t\t<\/div>\n\t\t\t\t\t\t<\/div>\n\t\t\t\t<\/div>\n\t\t\t\t\t\t<\/div>\n\t\t\t\t\t<\/div>\n\t\t<\/div>\n\t\t\t\t\t\t\t\t<\/div>\n\t\t\t\t\t<\/div>\n\t\t<\/section>\n\t\t\t\t<section class=\"elementor-section elementor-top-section elementor-element elementor-element-6d26e43e elementor-section-stretched elementor-section-boxed elementor-section-height-default elementor-section-height-default\" data-id=\"6d26e43e\" data-element_type=\"section\" id=\"ctn12\" data-settings=\"{&quot;stretch_section&quot;:&quot;section-stretched&quot;,&quot;background_background&quot;:&quot;classic&quot;}\">\n\t\t\t\t\t\t<div class=\"elementor-container elementor-column-gap-default\">\n\t\t\t\t\t\t\t<div class=\"elementor-row\">\n\t\t\t\t\t<div class=\"elementor-column elementor-col-100 elementor-top-column elementor-element elementor-element-127c2827\" data-id=\"127c2827\" data-element_type=\"column\">\n\t\t\t<div class=\"elementor-column-wrap elementor-element-populated\">\n\t\t\t\t\t\t\t<div class=\"elementor-widget-wrap\">\n\t\t\t\t\t\t<div class=\"elementor-element elementor-element-24dc701f elementor-widget-divider--view-line elementor-widget elementor-widget-divider\" data-id=\"24dc701f\" data-element_type=\"widget\" data-widget_type=\"divider.default\">\n\t\t\t\t<div class=\"elementor-widget-container\">\n\t\t\t\t\t<div class=\"elementor-divider\">\n\t\t\t<span class=\"elementor-divider-separator\">\n\t\t\t\t\t\t<\/span>\n\t\t<\/div>\n\t\t\t\t<\/div>\n\t\t\t\t<\/div>\n\t\t\t\t<div class=\"elementor-element elementor-element-4d534c40 elementor-widget elementor-widget-text-editor\" data-id=\"4d534c40\" data-element_type=\"widget\" id=\"p1\" data-widget_type=\"text-editor.default\">\n\t\t\t\t<div class=\"elementor-widget-container\">\n\t\t\t\t\t\t\t\t<div class=\"elementor-text-editor elementor-clearfix\">\n\t\t\t\t<p>Pour en savoir davantage sur les travaux de pose de carrelage aux alentours de Saint-Girons, n\u2019h\u00e9sitez pas \u00e0 <span style=\"color: #999999;\"><strong><a href=\"https:\/\/bauer-multiservices.fr\/contact-devis\/#ctn\" style=\"color: #999999;\">contacter<\/a><\/strong><\/span> l\u2019entreprise Bauer Multiservice au <span style=\"color: #999999;\"><strong><a href=\"tel:0659258883\" target=\"_blank\" style=\"color: #999999;\" rel=\"noopener\">06.59.25.88.83<\/a><\/strong><\/span> et \u00e0 demander un devis gratuit.. <\/p>\t\t\t\t\t<\/div>\n\t\t\t\t\t\t<\/div>\n\t\t\t\t<\/div>\n\t\t\t\t<div class=\"elementor-element elementor-element-387579d7 elementor-widget-divider--view-line elementor-widget elementor-widget-divider\" data-id=\"387579d7\" data-element_type=\"widget\" data-widget_type=\"divider.default\">\n\t\t\t\t<div class=\"elementor-widget-container\">\n\t\t\t\t\t<div class=\"elementor-divider\">\n\t\t\t<span class=\"elementor-divider-separator\">\n\t\t\t\t\t\t<\/span>\n\t\t<\/div>\n\t\t\t\t<\/div>\n\t\t\t\t<\/div>\n\t\t\t\t\t\t<\/div>\n\t\t\t\t\t<\/div>\n\t\t<\/div>\n\t\t\t\t\t\t\t\t<\/div>\n\t\t\t\t\t<\/div>\n\t\t<\/section>\n\t\t\t\t\t\t<\/div>\n\t\t\t\t\t\t<\/div>\n\t\t\t\t\t<\/div>\n\t\t","protected":false},"excerpt":{"rendered":"<p>Pose de carrelage \u00e0 Saint-Girons Confiez vos travaux de pose de carrelage sol et mur \u00e0 un professionnel \u00e0 Saint-Girons Sp\u00e9cialiste du rev\u00eatement de murs et de sols \u00e0 Saint-Girons dans le d\u00e9partement de l&#8217;Ari\u00e8ge, l\u2019entreprise Bauer Multiservice est \u00e0 votre disposition pour la r\u00e9alisation de vos travaux de pose [&hellip;]<\/p>\n","protected":false},"author":4,"featured_media":0,"parent":0,"menu_order":0,"comment_status":"closed","ping_status":"closed","template":"elementor_header_footer","meta":[],"acf":[],"aioseo_notices":[],"_links":{"self":[{"href":"https:\/\/bauer-multiservices.fr\/nov-apijson\/wp\/v2\/pages\/1441"}],"collection":[{"href":"https:\/\/bauer-multiservices.fr\/nov-apijson\/wp\/v2\/pages"}],"about":[{"href":"https:\/\/bauer-multiservices.fr\/nov-apijson\/wp\/v2\/types\/page"}],"author":[{"embeddable":true,"href":"https:\/\/bauer-multiservices.fr\/nov-apijson\/wp\/v2\/users\/4"}],"replies":[{"embeddable":true,"href":"https:\/\/bauer-multiservices.fr\/nov-apijson\/wp\/v2\/comments?post=1441"}],"version-history":[{"count":7,"href":"https:\/\/bauer-multiservices.fr\/nov-apijson\/wp\/v2\/pages\/1441\/revisions"}],"predecessor-version":[{"id":1831,"href":"https:\/\/bauer-multiservices.fr\/nov-apijson\/wp\/v2\/pages\/1441\/revisions\/1831"}],"wp:attachment":[{"href":"https:\/\/bauer-multiservices.fr\/nov-apijson\/wp\/v2\/media?parent=1441"}],"curies":[{"name":"wp","href":"https:\/\/api.w.org\/{rel}","templated":true}]}}