{"id":1435,"date":"2020-02-17T11:00:31","date_gmt":"2020-02-17T10:00:31","guid":{"rendered":"https:\/\/bauer-multiservices.fr\/?page_id=1435"},"modified":"2024-01-24T14:15:19","modified_gmt":"2024-01-24T13:15:19","slug":"velux","status":"publish","type":"page","link":"https:\/\/bauer-multiservices.fr\/velux\/","title":{"rendered":"Velux\u00ae"},"content":{"rendered":"\t\t<div data-elementor-type=\"wp-page\" data-elementor-id=\"1435\" class=\"elementor elementor-1435\" data-elementor-settings=\"[]\">\n\t\t\t\t\t\t<div class=\"elementor-inner\">\n\t\t\t\t\t\t\t<div class=\"elementor-section-wrap\">\n\t\t\t\t\t\t\t<section class=\"elementor-section elementor-top-section elementor-element elementor-element-6b964317 elementor-section-stretched elementor-section-full_width elementor-section-height-default elementor-section-height-default\" data-id=\"6b964317\" data-element_type=\"section\" id=\"slider\" data-settings=\"{&quot;stretch_section&quot;:&quot;section-stretched&quot;}\">\n\t\t\t\t\t\t<div class=\"elementor-container elementor-column-gap-no\">\n\t\t\t\t\t\t\t<div class=\"elementor-row\">\n\t\t\t\t\t<div class=\"elementor-column elementor-col-100 elementor-top-column elementor-element elementor-element-5d4b789c\" data-id=\"5d4b789c\" data-element_type=\"column\">\n\t\t\t<div class=\"elementor-column-wrap elementor-element-populated\">\n\t\t\t\t\t\t\t<div class=\"elementor-widget-wrap\">\n\t\t\t\t\t\t<div class=\"elementor-element elementor-element-73dbeb82 elementor--h-position-center elementor--v-position-middle elementor-widget elementor-widget-slides\" data-id=\"73dbeb82\" data-element_type=\"widget\" data-settings=\"{&quot;navigation&quot;:&quot;none&quot;,&quot;autoplay&quot;:&quot;yes&quot;,&quot;pause_on_hover&quot;:&quot;yes&quot;,&quot;pause_on_interaction&quot;:&quot;yes&quot;,&quot;autoplay_speed&quot;:5000,&quot;infinite&quot;:&quot;yes&quot;,&quot;transition&quot;:&quot;slide&quot;,&quot;transition_speed&quot;:500}\" data-widget_type=\"slides.default\">\n\t\t\t\t<div class=\"elementor-widget-container\">\n\t\t\t\t\t<div class=\"elementor-swiper\">\n\t\t\t<div class=\"elementor-slides-wrapper elementor-main-swiper swiper-container\" dir=\"ltr\" data-animation=\"zoomIn\">\n\t\t\t\t<div class=\"swiper-wrapper elementor-slides\">\n\t\t\t\t\t\t\t\t\t\t<div class=\"elementor-repeater-item-f84cde7 swiper-slide\"><div class=\"swiper-slide-bg\"><\/div><div class=\"elementor-background-overlay\"><\/div><div class=\"swiper-slide-inner\" ><div class=\"swiper-slide-contents\"><div class=\"elementor-slide-heading\">Pose de fen\u00eatre de toit Velux\u00ae \u00e0 Saint-Girons<\/div><\/div><\/div><\/div>\t\t\t\t<\/div>\n\t\t\t\t\t\t\t<\/div>\n\t\t<\/div>\n\t\t\t\t<\/div>\n\t\t\t\t<\/div>\n\t\t\t\t\t\t<\/div>\n\t\t\t\t\t<\/div>\n\t\t<\/div>\n\t\t\t\t\t\t\t\t<\/div>\n\t\t\t\t\t<\/div>\n\t\t<\/section>\n\t\t\t\t<section class=\"elementor-section elementor-top-section elementor-element elementor-element-410cb58d elementor-section-stretched elementor-section-content-middle elementor-section-boxed elementor-section-height-default elementor-section-height-default\" data-id=\"410cb58d\" data-element_type=\"section\" id=\"ctn\" data-settings=\"{&quot;stretch_section&quot;:&quot;section-stretched&quot;}\">\n\t\t\t\t\t\t<div class=\"elementor-container elementor-column-gap-default\">\n\t\t\t\t\t\t\t<div class=\"elementor-row\">\n\t\t\t\t\t<div class=\"elementor-column elementor-col-100 elementor-top-column elementor-element elementor-element-4ecacb33\" data-id=\"4ecacb33\" data-element_type=\"column\">\n\t\t\t<div class=\"elementor-column-wrap elementor-element-populated\">\n\t\t\t\t\t\t\t<div class=\"elementor-widget-wrap\">\n\t\t\t\t\t\t<div class=\"elementor-element elementor-element-7d0997f6 elementor-widget elementor-widget-heading\" data-id=\"7d0997f6\" data-element_type=\"widget\" id=\"h1\" data-widget_type=\"heading.default\">\n\t\t\t\t<div class=\"elementor-widget-container\">\n\t\t\t<h1 class=\"elementor-heading-title elementor-size-default\">Faites installer vos fen\u00eatres de toit Velux\u00ae par Bauer Multiservice \u00e0 Saint-Girons<\/h1>\t\t<\/div>\n\t\t\t\t<\/div>\n\t\t\t\t<div class=\"elementor-element elementor-element-219ea2ab elementor-widget-divider--view-line elementor-widget elementor-widget-divider\" data-id=\"219ea2ab\" data-element_type=\"widget\" data-widget_type=\"divider.default\">\n\t\t\t\t<div class=\"elementor-widget-container\">\n\t\t\t\t\t<div class=\"elementor-divider\">\n\t\t\t<span class=\"elementor-divider-separator\">\n\t\t\t\t\t\t<\/span>\n\t\t<\/div>\n\t\t\t\t<\/div>\n\t\t\t\t<\/div>\n\t\t\t\t<section class=\"elementor-section elementor-inner-section elementor-element elementor-element-373a5d15 elementor-section-boxed elementor-section-height-default elementor-section-height-default\" data-id=\"373a5d15\" data-element_type=\"section\">\n\t\t\t\t\t\t<div class=\"elementor-container elementor-column-gap-default\">\n\t\t\t\t\t\t\t<div class=\"elementor-row\">\n\t\t\t\t\t<div class=\"elementor-column elementor-col-100 elementor-inner-column elementor-element elementor-element-57261a54\" data-id=\"57261a54\" data-element_type=\"column\">\n\t\t\t<div class=\"elementor-column-wrap elementor-element-populated\">\n\t\t\t\t\t\t\t<div class=\"elementor-widget-wrap\">\n\t\t\t\t\t\t<div class=\"elementor-element elementor-element-25d2220f elementor-widget elementor-widget-text-editor\" data-id=\"25d2220f\" data-element_type=\"widget\" id=\"p1\" data-widget_type=\"text-editor.default\">\n\t\t\t\t<div class=\"elementor-widget-container\">\n\t\t\t\t\t\t\t\t<div class=\"elementor-text-editor elementor-clearfix\">\n\t\t\t\t<p>Installateur de fen\u00eatre de toit situ\u00e9 \u00e0 Saint-Girons dans le d\u00e9partement de l&#8217;Ari\u00e8ge, <span style=\"color: #999999;\"><strong><a href=\"https:\/\/bauer-multiservices.fr\/\" style=\"color: #999999;\">Jeannot Bauer<\/a><\/strong><\/span> vous propose la pose de fen\u00eatre de toit Velux\u00ae pour votre habitation ou votre b\u00e2timent professionnel.<\/p>\t\t\t\t\t<\/div>\n\t\t\t\t\t\t<\/div>\n\t\t\t\t<\/div>\n\t\t\t\t\t\t<\/div>\n\t\t\t\t\t<\/div>\n\t\t<\/div>\n\t\t\t\t\t\t\t\t<\/div>\n\t\t\t\t\t<\/div>\n\t\t<\/section>\n\t\t\t\t\t\t<\/div>\n\t\t\t\t\t<\/div>\n\t\t<\/div>\n\t\t\t\t\t\t\t\t<\/div>\n\t\t\t\t\t<\/div>\n\t\t<\/section>\n\t\t\t\t<section class=\"elementor-section elementor-top-section elementor-element elementor-element-674acd26 elementor-section-stretched elementor-section-content-middle elementor-section-boxed elementor-section-height-default elementor-section-height-default\" data-id=\"674acd26\" data-element_type=\"section\" id=\"c1\" data-settings=\"{&quot;stretch_section&quot;:&quot;section-stretched&quot;,&quot;background_background&quot;:&quot;classic&quot;}\">\n\t\t\t\t\t\t<div class=\"elementor-container elementor-column-gap-default\">\n\t\t\t\t\t\t\t<div class=\"elementor-row\">\n\t\t\t\t\t<div class=\"elementor-column elementor-col-50 elementor-top-column elementor-element elementor-element-2c114bac\" data-id=\"2c114bac\" data-element_type=\"column\">\n\t\t\t<div class=\"elementor-column-wrap elementor-element-populated\">\n\t\t\t\t\t\t\t<div class=\"elementor-widget-wrap\">\n\t\t\t\t\t\t<div class=\"elementor-element elementor-element-6a9cdce4 elementor-widget elementor-widget-image\" data-id=\"6a9cdce4\" data-element_type=\"widget\" data-widget_type=\"image.default\">\n\t\t\t\t<div class=\"elementor-widget-container\">\n\t\t\t\t\t\t\t\t<div class=\"elementor-image\">\n\t\t\t\t\t\t\t\t\t\t\t\t<img width=\"700\" height=\"500\" src=\"https:\/\/bauer-multiservices.fr\/wp-content\/uploads\/2020\/02\/int10.jpg\" class=\"attachment-large size-large\" alt=\"Bauer Multiservice - entreprise multiservice \u00e0 Saint-Girons\" srcset=\"https:\/\/bauer-multiservices.fr\/wp-content\/uploads\/2020\/02\/int10.jpg 700w, https:\/\/bauer-multiservices.fr\/wp-content\/uploads\/2020\/02\/int10-300x214.jpg 300w\" sizes=\"(max-width: 700px) 100vw, 700px\" \/>\t\t\t\t\t\t\t\t\t\t\t\t\t\t<\/div>\n\t\t\t\t\t\t<\/div>\n\t\t\t\t<\/div>\n\t\t\t\t\t\t<\/div>\n\t\t\t\t\t<\/div>\n\t\t<\/div>\n\t\t\t\t<div class=\"elementor-column elementor-col-50 elementor-top-column elementor-element elementor-element-3d8ef718\" data-id=\"3d8ef718\" data-element_type=\"column\">\n\t\t\t<div class=\"elementor-column-wrap elementor-element-populated\">\n\t\t\t\t\t\t\t<div class=\"elementor-widget-wrap\">\n\t\t\t\t\t\t<div class=\"elementor-element elementor-element-580d2197 elementor-widget elementor-widget-heading\" data-id=\"580d2197\" data-element_type=\"widget\" id=\"h2\" data-widget_type=\"heading.default\">\n\t\t\t\t<div class=\"elementor-widget-container\">\n\t\t\t<h2 class=\"elementor-heading-title elementor-size-default\">Pose et remplacement de fen\u00eatre de toit Velux\u00ae pour un confort optimal<\/h2>\t\t<\/div>\n\t\t\t\t<\/div>\n\t\t\t\t<div class=\"elementor-element elementor-element-27facddc elementor-widget elementor-widget-text-editor\" data-id=\"27facddc\" data-element_type=\"widget\" id=\"p1\" data-widget_type=\"text-editor.default\">\n\t\t\t\t<div class=\"elementor-widget-container\">\n\t\t\t\t\t\t\t\t<div class=\"elementor-text-editor elementor-clearfix\">\n\t\t\t\t<p>\u0152uvrant aupr\u00e8s des particuliers et des professionnels situ\u00e9s aux alentours de Saint-Girons, Pamiers, Foix et Saint-Gaudens, votre artisan s\u2019occupe de tous types de travaux de r\u00e9novation et prend en charge la pose de vos fen\u00eatres de toit Velux\u00ae. <br \/>Experte dans les travaux de r\u00e9novation de couverture et de l\u2019<span style=\"color: #999999;\"><strong><a href=\"https:\/\/bauer-multiservices.fr\/isolation\/#ctn\" style=\"color: #999999;\">isolation thermique<\/a><\/strong><\/span>, la soci\u00e9t\u00e9 Bauer Multiservice vous accompagne dans l\u2019installation de fen\u00eatres de toit de marque Velux\u00ae qui sont faciles \u00e0 ouvrir et \u00e0 fermer, en vue d\u2019illuminer et d\u2019a\u00e9rer vos pi\u00e8ces se situant en sous-pente.<\/p>\t\t\t\t\t<\/div>\n\t\t\t\t\t\t<\/div>\n\t\t\t\t<\/div>\n\t\t\t\t\t\t<\/div>\n\t\t\t\t\t<\/div>\n\t\t<\/div>\n\t\t\t\t\t\t\t\t<\/div>\n\t\t\t\t\t<\/div>\n\t\t<\/section>\n\t\t\t\t<section class=\"elementor-section elementor-top-section elementor-element elementor-element-3ca6861d elementor-section-stretched elementor-section-content-middle elementor-section-boxed elementor-section-height-default elementor-section-height-default\" data-id=\"3ca6861d\" data-element_type=\"section\" id=\"c2\" data-settings=\"{&quot;stretch_section&quot;:&quot;section-stretched&quot;,&quot;background_background&quot;:&quot;classic&quot;}\">\n\t\t\t\t\t\t<div class=\"elementor-container elementor-column-gap-default\">\n\t\t\t\t\t\t\t<div class=\"elementor-row\">\n\t\t\t\t\t<div class=\"elementor-column elementor-col-50 elementor-top-column elementor-element elementor-element-4e07fab8\" data-id=\"4e07fab8\" data-element_type=\"column\">\n\t\t\t<div class=\"elementor-column-wrap elementor-element-populated\">\n\t\t\t\t\t\t\t<div class=\"elementor-widget-wrap\">\n\t\t\t\t\t\t<div class=\"elementor-element elementor-element-75268fc9 elementor-widget elementor-widget-heading\" data-id=\"75268fc9\" data-element_type=\"widget\" id=\"h2\" data-widget_type=\"heading.default\">\n\t\t\t\t<div class=\"elementor-widget-container\">\n\t\t\t<h2 class=\"elementor-heading-title elementor-size-default\">Pour des ouvertures parfaitement \u00e9tanches<\/h2>\t\t<\/div>\n\t\t\t\t<\/div>\n\t\t\t\t<div class=\"elementor-element elementor-element-73042054 elementor-widget elementor-widget-text-editor\" data-id=\"73042054\" data-element_type=\"widget\" id=\"p1\" data-widget_type=\"text-editor.default\">\n\t\t\t\t<div class=\"elementor-widget-container\">\n\t\t\t\t\t\t\t\t<div class=\"elementor-text-editor elementor-clearfix\">\n\t\t\t\t<p>Les fen\u00eatres de toit Velux\u00ae s\u2019adaptent \u00e0 tous types d\u2019int\u00e9rieurs en offrant une parfaite a\u00e9ration \u00e0 vos combles, mais aussi \u00e0 vos pi\u00e8ces de vie. <br \/>Lors de la pose de votre fen\u00eatre de toit, votre installateur vous assure \u00e0 la fois s\u00e9curit\u00e9 et technicit\u00e9, ainsi qu\u2019un travail soign\u00e9 avec un rendu esth\u00e9tique et une parfaite \u00e9tanch\u00e9it\u00e9. <br \/>Soucieux de vous offrir une prestation compl\u00e8te, votre installateur de fen\u00eatre de toit \u00e0 proximit\u00e9 de Saint-Girons, Pamiers, Foix et Saint-Gaudens r\u00e9alise \u00e9galement des prestations de <span style=\"color: #999999;\"><strong><a href=\"https:\/\/bauer-multiservices.fr\/entretien\/#ctn\" style=\"color: #999999;\">nettoyage et de d\u00e9moussage<\/a><\/strong><\/span> et s\u2019occupe de vos travaux de construction et de <span style=\"color: #999999;\"><strong><a href=\"https:\/\/bauer-multiservices.fr\/charpente\/#ctn\" style=\"color: #999999;\">pose de charpente<\/a><\/strong><\/span>.<\/p>\t\t\t\t\t<\/div>\n\t\t\t\t\t\t<\/div>\n\t\t\t\t<\/div>\n\t\t\t\t\t\t<\/div>\n\t\t\t\t\t<\/div>\n\t\t<\/div>\n\t\t\t\t<div class=\"elementor-column elementor-col-50 elementor-top-column elementor-element elementor-element-61af2766\" data-id=\"61af2766\" data-element_type=\"column\">\n\t\t\t<div class=\"elementor-column-wrap elementor-element-populated\">\n\t\t\t\t\t\t\t<div class=\"elementor-widget-wrap\">\n\t\t\t\t\t\t<div class=\"elementor-element elementor-element-7d013e7a elementor-widget elementor-widget-image\" data-id=\"7d013e7a\" data-element_type=\"widget\" data-widget_type=\"image.default\">\n\t\t\t\t<div class=\"elementor-widget-container\">\n\t\t\t\t\t\t\t\t<div class=\"elementor-image\">\n\t\t\t\t\t\t\t\t\t\t\t\t<img width=\"700\" height=\"500\" src=\"https:\/\/bauer-multiservices.fr\/wp-content\/uploads\/2020\/02\/int11.jpg\" class=\"attachment-large size-large\" alt=\"Bauer Multiservice - entreprise multiservice \u00e0 Saint-Girons\" srcset=\"https:\/\/bauer-multiservices.fr\/wp-content\/uploads\/2020\/02\/int11.jpg 700w, https:\/\/bauer-multiservices.fr\/wp-content\/uploads\/2020\/02\/int11-300x214.jpg 300w\" sizes=\"(max-width: 700px) 100vw, 700px\" \/>\t\t\t\t\t\t\t\t\t\t\t\t\t\t<\/div>\n\t\t\t\t\t\t<\/div>\n\t\t\t\t<\/div>\n\t\t\t\t\t\t<\/div>\n\t\t\t\t\t<\/div>\n\t\t<\/div>\n\t\t\t\t\t\t\t\t<\/div>\n\t\t\t\t\t<\/div>\n\t\t<\/section>\n\t\t\t\t<section class=\"elementor-section elementor-top-section elementor-element elementor-element-710c2376 elementor-section-stretched elementor-section-boxed elementor-section-height-default elementor-section-height-default\" data-id=\"710c2376\" data-element_type=\"section\" id=\"ctn12\" data-settings=\"{&quot;stretch_section&quot;:&quot;section-stretched&quot;,&quot;background_background&quot;:&quot;classic&quot;}\">\n\t\t\t\t\t\t<div class=\"elementor-container elementor-column-gap-default\">\n\t\t\t\t\t\t\t<div class=\"elementor-row\">\n\t\t\t\t\t<div class=\"elementor-column elementor-col-100 elementor-top-column elementor-element elementor-element-5955280f\" data-id=\"5955280f\" data-element_type=\"column\">\n\t\t\t<div class=\"elementor-column-wrap elementor-element-populated\">\n\t\t\t\t\t\t\t<div class=\"elementor-widget-wrap\">\n\t\t\t\t\t\t<div class=\"elementor-element elementor-element-c2bbd28 elementor-widget-divider--view-line elementor-widget elementor-widget-divider\" data-id=\"c2bbd28\" data-element_type=\"widget\" data-widget_type=\"divider.default\">\n\t\t\t\t<div class=\"elementor-widget-container\">\n\t\t\t\t\t<div class=\"elementor-divider\">\n\t\t\t<span class=\"elementor-divider-separator\">\n\t\t\t\t\t\t<\/span>\n\t\t<\/div>\n\t\t\t\t<\/div>\n\t\t\t\t<\/div>\n\t\t\t\t<div class=\"elementor-element elementor-element-49d2986e elementor-widget elementor-widget-text-editor\" data-id=\"49d2986e\" data-element_type=\"widget\" id=\"p1\" data-widget_type=\"text-editor.default\">\n\t\t\t\t<div class=\"elementor-widget-container\">\n\t\t\t\t\t\t\t\t<div class=\"elementor-text-editor elementor-clearfix\">\n\t\t\t\t<p>Pour plus de renseignements concernant les prestations de pose et de remplacement de fen\u00eatre de toit\nVelux\u00ae aux alentours de Saint-Girons ou demander votre devis gratuit, n\u2019h\u00e9sitez pas \u00e0 <span style=\"color: #999999;\"><strong><a href=\"https:\/\/bauer-multiservices.fr\/contact-devis\/#ctn\" style=\"color: #999999;\">contacter<\/a><\/strong><\/span> l\u2019entreprise Bauer Multiservice au <span style=\"color: #999999;\"><strong><a href=\"tel:0659258883\" target=\"_blank\" style=\"color: #999999;\" rel=\"noopener\">06.59.25.88.83<\/a><\/strong><\/span>.<\/p>\t\t\t\t\t<\/div>\n\t\t\t\t\t\t<\/div>\n\t\t\t\t<\/div>\n\t\t\t\t<div class=\"elementor-element elementor-element-30a4649 elementor-widget-divider--view-line elementor-widget elementor-widget-divider\" data-id=\"30a4649\" data-element_type=\"widget\" data-widget_type=\"divider.default\">\n\t\t\t\t<div class=\"elementor-widget-container\">\n\t\t\t\t\t<div class=\"elementor-divider\">\n\t\t\t<span class=\"elementor-divider-separator\">\n\t\t\t\t\t\t<\/span>\n\t\t<\/div>\n\t\t\t\t<\/div>\n\t\t\t\t<\/div>\n\t\t\t\t\t\t<\/div>\n\t\t\t\t\t<\/div>\n\t\t<\/div>\n\t\t\t\t\t\t\t\t<\/div>\n\t\t\t\t\t<\/div>\n\t\t<\/section>\n\t\t\t\t\t\t<\/div>\n\t\t\t\t\t\t<\/div>\n\t\t\t\t\t<\/div>\n\t\t","protected":false},"excerpt":{"rendered":"<p>Pose de fen\u00eatre de toit Velux\u00ae \u00e0 Saint-Girons Faites installer vos fen\u00eatres de toit Velux\u00ae par Bauer Multiservice \u00e0 Saint-Girons Installateur de fen\u00eatre de toit situ\u00e9 \u00e0 Saint-Girons dans le d\u00e9partement de l&#8217;Ari\u00e8ge, Jeannot Bauer vous propose la pose de fen\u00eatre de toit Velux\u00ae pour votre habitation ou votre b\u00e2timent [&hellip;]<\/p>\n","protected":false},"author":4,"featured_media":0,"parent":0,"menu_order":0,"comment_status":"closed","ping_status":"closed","template":"elementor_header_footer","meta":[],"acf":[],"aioseo_notices":[],"_links":{"self":[{"href":"https:\/\/bauer-multiservices.fr\/nov-apijson\/wp\/v2\/pages\/1435"}],"collection":[{"href":"https:\/\/bauer-multiservices.fr\/nov-apijson\/wp\/v2\/pages"}],"about":[{"href":"https:\/\/bauer-multiservices.fr\/nov-apijson\/wp\/v2\/types\/page"}],"author":[{"embeddable":true,"href":"https:\/\/bauer-multiservices.fr\/nov-apijson\/wp\/v2\/users\/4"}],"replies":[{"embeddable":true,"href":"https:\/\/bauer-multiservices.fr\/nov-apijson\/wp\/v2\/comments?post=1435"}],"version-history":[{"count":8,"href":"https:\/\/bauer-multiservices.fr\/nov-apijson\/wp\/v2\/pages\/1435\/revisions"}],"predecessor-version":[{"id":1828,"href":"https:\/\/bauer-multiservices.fr\/nov-apijson\/wp\/v2\/pages\/1435\/revisions\/1828"}],"wp:attachment":[{"href":"https:\/\/bauer-multiservices.fr\/nov-apijson\/wp\/v2\/media?parent=1435"}],"curies":[{"name":"wp","href":"https:\/\/api.w.org\/{rel}","templated":true}]}}